{"id":4943,"date":"2019-02-01T15:36:03","date_gmt":"2019-02-01T20:36:03","guid":{"rendered":"https:\/\/rafael.bonifaz.ec\/blog\/?page_id=4943"},"modified":"2021-02-11T20:16:22","modified_gmt":"2021-02-12T01:16:22","slug":"prensa-escrita","status":"publish","type":"page","link":"https:\/\/rafael.bonifaz.ec\/blog\/prensa\/prensa-escrita\/","title":{"rendered":"Prensa Escrita"},"content":{"rendered":"\n<p>En esta p\u00e1gina se encuentran reportajes o entrevistas de prensa escrita en donde he participado. A continuaci\u00f3n un listado ordenado desde m\u00e1s nuevo a m\u00e1s viejo.<\/p>\n\n\n\n<h4 class=\"wp-block-heading\">2020<\/h4>\n\n\n\n<p>  \u00ab\u00bfPueden las c\u00e1maras del ECU-911 identificar a delincuentes a pesar de la mascarilla?\u00bb <em>El Universo<\/em>, 9 de noviembre de 2020. <a href=\"https:\/\/www.eluniverso.com\/noticias\/2020\/11\/09\/nota\/8041999\/reconocimiento-facial-camaras-ecu911-ecuador\/\">https:\/\/www.eluniverso.com\/noticias\/2020\/11\/09\/nota\/8041999\/reconocimiento-facial-camaras-ecu911-ecuador\/<\/a>.<\/p>\n\n\n\n<h4 class=\"wp-block-heading\">2019<\/h4>\n\n\n\n<p>   Baz\u00e1n, J\u00e1zmin. \u00abOcho de cada 10 beb\u00e9s de hasta 6 meses ya tienen fotos en las redes: advierten por los peligros\u00bb. <em>Clarin<\/em>. 3 de febrero de 2019. <a href=\"https:\/\/www.clarin.com\/sociedad\/10-bebes-meses-fotos-redes-advierten-peligros_0_bNbkCvpM-.html\">https:\/\/www.clarin.com\/sociedad\/10-bebes-meses-fotos-redes-advierten-peligros_0_bNbkCvpM-.html<\/a>.           <\/p>\n\n\n\n<h4 class=\"wp-block-heading\">2018<\/h4>\n\n\n\n<p>   Goldsman, Florencia. \u00abLa bandera del anonimato: de las mujeres zapatistas a la lucha por las libertades en internet\u00bb. <em>www.elsaltodiario.com<\/em>, 5 de junio de 2018. <a href=\"https:\/\/www.elsaltodiario.com\/tecnologia\/el-derecho-al-anonimato-desde-el-ezln-hasta-la-red\">https:\/\/www.elsaltodiario.com\/tecnologia\/el-derecho-al-anonimato-desde-el-ezln-hasta-la-red<\/a>.    <\/p>\n\n\n\n<p>P\u00e9rez, Tom\u00e1s. \u00abCuando ni el INADI puede frenar el bullying\u00bb. <em>Clarin<\/em>. 28 de mayo de 2018. <a href=\"https:\/\/www.clarin.com\/revista-enie\/ideas\/inadi-puede-frenar-bullying_0_rJsghoEyQ.html\">https:\/\/www.clarin.com\/revista-enie\/ideas\/inadi-puede-frenar-bullying_0_rJsghoEyQ.htm<\/a><\/p>\n\n\n\n<p>R\u00edos, Rub\u00e9n. \u00abAtrapados: _en la red\u00bb. <em>Perfil<\/em>. 14 de abril de 2018. <a href=\"https:\/\/www.perfil.com\/cultura\/atrapados-en-la-red.phtml\">https:\/\/www.perfil.com\/cultura\/atrapados-en-la-red.phtml<\/a>.<\/p>\n\n\n\n<h4 class=\"wp-block-heading\"><strong>2017<\/strong><\/h4>\n\n\n\n<p>   Ribadeneira, Marcela. \u00abY si mucho miras a un abismo\u2026 [Cuando met\u00ed mi \nnariz en la Deep Web]. | Revista Mundo Diners\u00bb, noviembre de 2017. <a href=\"http:\/\/www.revistamundodiners.com\/?p=7680\">http:\/\/www.revistamundodiners.com\/?p=7680<\/a>.    <\/p>\n\n\n\n<p>   L\u00f3pez Girondo, Alberto. \u00abEntrevista a Rafael Bonifaz: \u201cLos celulares y los televisores pueden ser usados en nuestra contra\u201d\u00bb. <em>Tiempo Argentino<\/em>. 11 de marzo de 2017. <a href=\"https:\/\/www.tiempoar.com.ar\/nota\/entrevista-a-rafael-bonifaz-los-celulares-y-los-televisores-pueden-ser-usados-en-nuestra-contra\">https:\/\/www.tiempoar.com.ar\/nota\/entrevista-a-rafael-bonifaz-los-celulares-y-los-televisores-pueden-ser-usados-en-nuestra-contra<\/a>.    <\/p>\n\n\n\n<h4 class=\"wp-block-heading\">2015<\/h4>\n\n\n\n<p>\n  \u00abLas comunicaciones son cada vez m\u00e1s vulnerables\u00bb. <em>El Universo<\/em>, 2 de agosto de 2015. <a href=\"https:\/\/www.eluniverso.com\/noticias\/2015\/08\/02\/nota\/5048557\/comunicaciones-son-cada-vez-mas-vulnerables\">https:\/\/www.eluniverso.com\/noticias\/2015\/08\/02\/nota\/5048557\/comunicaciones-son-cada-vez-mas-vulnerables<\/a>.\n  \n<\/p>\n\n\n\n<p>      Guti\u00e9rrez, Bernardo. \u00abIndia y Am\u00e9rica Latina se levantan contra el proyecto de internet gratuita de Facebook\u00bb. <em>eldiario.es<\/em>, 19 de abril de 2015. <a href=\"https:\/\/www.eldiario.es\/turing\/Facebook-Internet-org-Neutralidad_de_la_red-libertades_digitales_0_378313226.html\">https:\/\/www.eldiario.es\/turing\/Facebook-Internet-org-Neutralidad_de_la_red-libe<\/a>   <\/p>\n\n\n\n<h4 class=\"wp-block-heading\">2014<\/h4>\n\n\n\n<p>\n  \u00abLa Nube y la seguridad, el dilema de los usuarios\u00bb. <em>El Comercio<\/em>, 14 de enero de 2014. <a href=\"https:\/\/www.elcomercio.com\/tendencias\/tecnologia\/nube-y-seguridad-dilema-de.html\">https:\/\/www.elcomercio.com\/tendencias\/tecnologia\/nube-y-seguridad-dilema-de.html<\/a>.\n  \n<\/p>\n\n\n\n<h4 class=\"wp-block-heading\">2013<\/h4>\n\n\n\n<p>   \u00abC\u00f3digo Penal: el activismo digital contra el art\u00edculo 474\u00bb. <em>Ecuadorenvivo.com<\/em>, 1 de diciembre de 2013. <a href=\"http:\/\/www.ecuadorenvivo.com\/politica\/24-politica\/8199-codigo-penal-el-activismo-digital-contra-el-articulo-474-diario-hoy-de-quito.html\">http:\/\/www.ecuadorenvivo.com\/politica\/24-politica\/8199-codigo-penal-el-activismo-digital-contra-el-articulo-474-diario-hoy-de-quito.html<\/a>.    <\/p>\n\n\n\n<p>   \u00abEl caso Snowden hizo que la gente escuche m\u00e1s a los hackers del software libre\u00bb. <em>Pillku<\/em>, diciembre de 2013. <a href=\"https:\/\/pillku.org\/article\/entrevista-a-rafael-bonifaz\/\">https:\/\/pillku.org\/article\/entrevista-a-rafael-bonifaz\/<\/a>.     <\/p>\n\n\n\n<p>\n  \u00abEncriptaci\u00f3n de datos afianza la soberan\u00eda de Estados peque\u00f1os\u00bb. <em>El Tel\u00e9grafo<\/em>, 21 de julio de 2013. <a href=\"https:\/\/www.eltelegrafo.com.ec\/noticias\/informacion\/1\/encriptacion-de-datos-afianza-la-soberania-de-estados-pequenos-2\">https:\/\/www.eltelegrafo.com.ec\/noticias\/informacion\/1\/encriptacion-de-datos-afianza-la-soberania-de-estados-pequenos-2<\/a>.\n  \n<\/p>\n\n\n\n<p>\n  \u00abActivistas por derechos digitales son amenazados por Twitter\u00bb. <em>Fundamedios<\/em> (blog), 14 de julio de 2015. <a href=\"http:\/\/www.fundamedios.org\/alertas\/activistas-por-derechos-digitales-son-amenazado-por-twitter\/\">http:\/\/www.fundamedios.org\/alertas\/activistas-por-derechos-digitales-son-amenazado-por-twitter\/<\/a>.\n  \n<\/p>\n\n\n\n<h4 class=\"wp-block-heading\">2009<br><\/h4>\n\n\n\n<p>\n  \u00ab2 j\u00f3venes crearon una red social\u00bb. <em>El Comercio<\/em>. 6 de diciembre de 2009. <a href=\"https:\/\/www.elcomercio.com\/actualidad\/jovenes-crearon-red-social.html\">https:\/\/www.elcomercio.com\/actualidad\/jovenes-crearon-red-social.html<\/a>.\n  \n<\/p>\n\n\n\n<p>\n  \u00abElastix, entre las mejores del mundo\u00bb. <em>El Comercio<\/em>, 5 de julio de 2009. <a href=\"https:\/\/www.elcomercio.com\/actualidad\/elastix-mejores-del-mundo.html\">https:\/\/www.elcomercio.com\/actualidad\/elastix-mejores-del-mundo.html<\/a>.\n  \n<\/p>\n\n\n\n<h4 class=\"wp-block-heading\">2008<\/h4>\n\n\n\n<p>   \u00abLibre uso de programas\u00bb. <em>El Universo<\/em>. 30 de abril de 2008. <a href=\"https:\/\/www.eluniverso.com\/2007\/04\/30\/0001\/1064\/219706EEDB35451D9C7C81502269DED7.html\">https:\/\/www.eluniverso.com\/2007\/04\/30\/0001\/1064\/219706EEDB35451D9C7C81502269DED7.html<\/a>.      <\/p>\n\n\n\n<h4 class=\"wp-block-heading\">2005<\/h4>\n\n\n\n<p>  \u00abPrimer festival latinoamericano de software libre re\u00fane a 13 pa\u00edses\u00bb. <em>El Universo<\/em>. 27 de marzo de 2015. <a href=\"https:\/\/www.eluniverso.com\/2005\/03\/27\/0001\/9\/680AF240316845A396D85DBC714A8F01.html\">https:\/\/www.eluniverso.com\/2005\/03\/27\/0001\/9\/680AF240316845A396D85DBC714A8F01.html<\/a>.    <br><br><\/p>\n<h3 class='related_post_title'>Art\u00edculos relacionados<\/h3><ul class='related_post'><li>No existen art\u00edculos relacionados<\/li><\/ul>","protected":false},"excerpt":{"rendered":"<p>En esta p\u00e1gina se encuentran reportajes o entrevistas de prensa escrita en donde he participado. A continuaci\u00f3n un listado ordenado desde m\u00e1s nuevo a m\u00e1s viejo. 2020 \u00ab\u00bfPueden las c\u00e1maras del ECU-911 identificar a delincuentes a pesar de la mascarilla?\u00bb El Universo, 9 de noviembre de 2020. https:\/\/www.eluniverso.com\/noticias\/2020\/11\/09\/nota\/8041999\/reconocimiento-facial-camaras-ecu911-ecuador\/. 2019 Baz\u00e1n, J\u00e1zmin. \u00abOcho de cada 10 [&hellip;]<\/p>\n","protected":false},"author":1,"featured_media":0,"parent":4938,"menu_order":0,"comment_status":"closed","ping_status":"closed","template":"","meta":{"footnotes":""},"class_list":["post-4943","page","type-page","status-publish","hentry"],"_links":{"self":[{"href":"https:\/\/rafael.bonifaz.ec\/blog\/wp-json\/wp\/v2\/pages\/4943","targetHints":{"allow":["GET"]}}],"collection":[{"href":"https:\/\/rafael.bonifaz.ec\/blog\/wp-json\/wp\/v2\/pages"}],"about":[{"href":"https:\/\/rafael.bonifaz.ec\/blog\/wp-json\/wp\/v2\/types\/page"}],"author":[{"embeddable":true,"href":"https:\/\/rafael.bonifaz.ec\/blog\/wp-json\/wp\/v2\/users\/1"}],"replies":[{"embeddable":true,"href":"https:\/\/rafael.bonifaz.ec\/blog\/wp-json\/wp\/v2\/comments?post=4943"}],"version-history":[{"count":24,"href":"https:\/\/rafael.bonifaz.ec\/blog\/wp-json\/wp\/v2\/pages\/4943\/revisions"}],"predecessor-version":[{"id":5147,"href":"https:\/\/rafael.bonifaz.ec\/blog\/wp-json\/wp\/v2\/pages\/4943\/revisions\/5147"}],"up":[{"embeddable":true,"href":"https:\/\/rafael.bonifaz.ec\/blog\/wp-json\/wp\/v2\/pages\/4938"}],"wp:attachment":[{"href":"https:\/\/rafael.bonifaz.ec\/blog\/wp-json\/wp\/v2\/media?parent=4943"}],"curies":[{"name":"wp","href":"https:\/\/api.w.org\/{rel}","templated":true}]}}